
{"id":45287,"date":"2021-09-09T09:41:23","date_gmt":"2021-09-09T15:41:23","guid":{"rendered":"http:\/\/arquitectura.uanl.mx\/?page_id=45287"},"modified":"2026-08-27T15:20:44","modified_gmt":"2026-08-27T21:20:44","slug":"simposio-internacional-de-arquitectura","status":"publish","type":"page","link":"https:\/\/arquitectura.uanl.mx\/en\/simposio-internacional-de-arquitectura\/","title":{"rendered":"XXXIIl Simposio Internacional de Arquitectura"},"content":{"rendered":"<p><img decoding=\"async\" loading=\"lazy\" class=\"alignnone wp-image-50373\" src=\"http:\/\/arquitectura.uanl.mx\/wp-content\/uploads\/2026\/08\/Medidas-Web-2.jpg\" alt=\"\" width=\"1000\" height=\"204\" \/><\/p>\n<hr class=\"doble\" \/>\n<p><strong>Abstract:<\/strong><\/p>\n<p>Simposio XXXlV Internacional de Arquitectura. La restauraci\u00f3n del oficio, Horizontes de la arquitectura por venir.<\/p>\n<p>Ante un presente convulso e incierto donde se prioriza la rentabilidad y la velocidad se espera de la arquitectura una respuesta inmediata, autom\u00e1tica y predecible, provocando que el rol social del profesional de arquitectura sea m\u00ednimo o nulo.<\/p>\n<p>Este panorama desalentador, poco favorable para dar respuestas significativas a los problemas del entorno pone al oficio de la arquitectura \u2014esa suma de habilidad, disciplina y conocimiento para habilitar un mundo\u2014, en peligro de desaparecer.<\/p>\n<p>Las escuelas y centros de ense\u00f1anza de arquitectura tienen un papel fundamental para evitar su desaparici\u00f3n porque son responsables de salvaguardar y transmitir un modelo del hacer arquitect\u00f3nico \u2014el oficio\u2014 m\u00e1s \u00e9tico, consciente y amable con el entorno y los otros.<\/p>\n<p>En este 2026 la Facultad de Arquitectura de la UANL celebra 80 a\u00f1os de logros y \u00e9xitos. Siendo este el momento id\u00f3neo para repensar su futuro como instituci\u00f3n y su legado a la sociedad.<\/p>\n<p>El momento hist\u00f3rico y crucial que atraviesa la FARQ refuerza su prop\u00f3sito de ense\u00f1ar conocimientos, herramientas y habilidades que hagan de los pr\u00f3ximos profesionales de arquitectura, protagonistas de su entorno construido. Para lograrlo es necesario restaurar el oficio del arquitecto.<\/p>\n<p>\u00bfPero cu\u00e1les son los saberes necesarios para repensar nuestros modos de construir?<\/p>\n<p>Esta imperiosa necesidad de marcar rumbo, de trazar l\u00edneas de salida al laberinto compuesto por los problemas del mundo ser\u00e1 abordado en el XXXIV Simposio Internacional de Arquitectura: La restauraci\u00f3n del oficio, Horizontes de la arquitectura por venir.<\/p>\n<p>Donde destacados profesionales del medio arquitect\u00f3nico nacional e internacional abordar\u00e1n los elementos, los procesos, los argumentos, los materiales, las t\u00e9cnicas y conceptos para delinear nuevos perfiles profesionales que contribuir\u00e1n a la producci\u00f3n de una arquitectura m\u00e1s justa, bella, que repare territorios, salve la memoria, e incentive lo com\u00fan. Restaurando el sentido original del oficio de la arquitectura: servir y cuidar a los otros.<\/p>\n<hr class=\"doble\" \/>\n<p><strong>Ponentes<\/strong><\/p>\n<p>Jueves 25 de septiembre 2025<\/p>\n<ul>\n<li>Crist\u00f3bal Tirado\u00a0 |\u00a0 <a href=\"http:\/\/arquitectura.uanl.mx\/wp-content\/uploads\/2026\/08\/Cristobal-Tirado.pdf\">M\u00e1s informaci\u00f3n aqu\u00ed.<\/a><\/li>\n<li>Marta Ricc\u00f3\u00a0 | \u00a0<a href=\"http:\/\/arquitectura.uanl.mx\/wp-content\/uploads\/2026\/08\/Marta-Ricco.pdf\">M\u00e1s informaci\u00f3n aqu\u00ed.<\/a><\/li>\n<li>Enrique X. de Anda\u00a0 |\u00a0 <a href=\"http:\/\/arquitectura.uanl.mx\/wp-content\/uploads\/2026\/08\/Enrique-de-Anda.pdf\">M\u00e1s informaci\u00f3n.<\/a><\/li>\n<\/ul>\n<p>Viernes 26 de septiembre 2025<\/p>\n<ul>\n<li>Jos\u00e9 Rosas Vera\u00a0 |\u00a0 <a href=\"http:\/\/arquitectura.uanl.mx\/wp-content\/uploads\/2026\/08\/Jose\u0301-Rosas-Vera.pdf\">M\u00e1s informaci\u00f3n.<\/a><\/li>\n<li>Evert Kolpas\u00a0 |\u00a0 <a href=\"http:\/\/arquitectura.uanl.mx\/wp-content\/uploads\/2026\/08\/Evert-Kolpa.pdf\">M\u00e1s informaci\u00f3n aqu\u00ed.<\/a><\/li>\n<li>Incognito\u00a0 |\u00a0 M\u00e1s informaci\u00f3n.<\/li>\n<\/ul>\n<hr class=\"doble\" \/>\n<ul>\n<li><strong>Programa.<\/strong><\/li>\n<\/ul>\n<hr class=\"doble\" \/>\n<p><strong>Costo del evento<\/strong><\/p>\n<ul>\n<li>Estudiantes FARQ: $1,100.00 MXN.<\/li>\n<li>Externos: $1,750.00 MXN.<\/li>\n<li>Talentos: $600.00<\/li>\n<li>Aparta tu acceso con $100.00 MXN.<\/li>\n<li>Adquiere tus boletos en ventanillas de Tesorer\u00eda en un horario de 8:00 a 18:00 h. de lunes a viernes.<\/li>\n<\/ul>","protected":false},"excerpt":{"rendered":"<p>Abstract: Simposio XXXlV Internacional de Arquitectura. La restauraci\u00f3n del oficio, Horizontes de la arquitectura por venir. Ante un presente convulso e incierto donde se prioriza la rentabilidad y la velocidad se espera de la arquitectura una respuesta inmediata, autom\u00e1tica y predecible, provocando que el rol social del profesional de arquitectura sea m\u00ednimo o nulo. Este [&hellip;]<\/p>","protected":false},"author":168,"featured_media":0,"parent":0,"menu_order":0,"comment_status":"closed","ping_status":"closed","template":"page-templates\/template_contenido_estandar_page.php","meta":[],"tags":[],"_links":{"self":[{"href":"https:\/\/arquitectura.uanl.mx\/en\/wp-json\/wp\/v2\/pages\/45287"}],"collection":[{"href":"https:\/\/arquitectura.uanl.mx\/en\/wp-json\/wp\/v2\/pages"}],"about":[{"href":"https:\/\/arquitectura.uanl.mx\/en\/wp-json\/wp\/v2\/types\/page"}],"author":[{"embeddable":true,"href":"https:\/\/arquitectura.uanl.mx\/en\/wp-json\/wp\/v2\/users\/168"}],"replies":[{"embeddable":true,"href":"https:\/\/arquitectura.uanl.mx\/en\/wp-json\/wp\/v2\/comments?post=45287"}],"version-history":[{"count":47,"href":"https:\/\/arquitectura.uanl.mx\/en\/wp-json\/wp\/v2\/pages\/45287\/revisions"}],"predecessor-version":[{"id":50692,"href":"https:\/\/arquitectura.uanl.mx\/en\/wp-json\/wp\/v2\/pages\/45287\/revisions\/50692"}],"wp:attachment":[{"href":"https:\/\/arquitectura.uanl.mx\/en\/wp-json\/wp\/v2\/media?parent=45287"}],"wp:term":[{"taxonomy":"post_tag","embeddable":true,"href":"https:\/\/arquitectura.uanl.mx\/en\/wp-json\/wp\/v2\/tags?post=45287"}],"curies":[{"name":"wp","href":"https:\/\/api.w.org\/{rel}","templated":true}]}}